{"id":679,"date":"2024-07-17T10:39:25","date_gmt":"2024-07-17T10:39:25","guid":{"rendered":"https:\/\/parcoursscolaire.sdesj.org\/generale-details\/"},"modified":"2024-07-25T21:06:19","modified_gmt":"2024-07-25T21:06:19","slug":"adult-general-education-detail","status":"publish","type":"page","link":"https:\/\/parcoursscolaire.sdesj.org\/en\/adult-general-education\/adult-general-education-detail\/","title":{"rendered":"Adult General Education detail"},"content":{"rendered":"\t\t<div data-elementor-type=\"wp-page\" data-elementor-id=\"679\" class=\"elementor elementor-679 elementor-238\" data-elementor-post-type=\"page\">\n\t\t\t\t<div data-particle_enable=\"false\" data-particle-mobile-disabled=\"false\" class=\"elementor-element elementor-element-af078d0 e-flex e-con-boxed e-con e-parent\" data-id=\"af078d0\" data-element_type=\"container\">\n\t\t\t\t\t<div class=\"e-con-inner\">\n\t\t\t\t<div class=\"elementor-element elementor-element-04a0ffd elementor-widget elementor-widget-button\" data-id=\"04a0ffd\" data-element_type=\"widget\" data-widget_type=\"button.default\">\n\t\t\t\t<div class=\"elementor-widget-container\">\n\t\t\t\t\t\t\t\t\t<div class=\"elementor-button-wrapper\">\n\t\t\t\t\t<a class=\"elementor-button elementor-button-link elementor-size-sm\" href=\"https:\/\/parcoursscolaire.sdesj.org\/en\/adult-general-education\/\">\n\t\t\t\t\t\t<span class=\"elementor-button-content-wrapper\">\n\t\t\t\t\t\t<span class=\"elementor-button-icon\">\n\t\t\t\t<svg aria-hidden=\"true\" class=\"e-font-icon-svg e-fas-arrow-left\" viewBox=\"0 0 448 512\" xmlns=\"http:\/\/www.w3.org\/2000\/svg\"><path d=\"M257.5 445.1l-22.2 22.2c-9.4 9.4-24.6 9.4-33.9 0L7 273c-9.4-9.4-9.4-24.6 0-33.9L201.4 44.7c9.4-9.4 24.6-9.4 33.9 0l22.2 22.2c9.5 9.5 9.3 25-.4 34.3L136.6 216H424c13.3 0 24 10.7 24 24v32c0 13.3-10.7 24-24 24H136.6l120.5 114.8c9.8 9.3 10 24.8.4 34.3z\"><\/path><\/svg>\t\t\t<\/span>\n\t\t\t\t\t\t\t\t\t<span class=\"elementor-button-text\">Back<\/span>\n\t\t\t\t\t<\/span>\n\t\t\t\t\t<\/a>\n\t\t\t\t<\/div>\n\t\t\t\t\t\t\t\t<\/div>\n\t\t\t\t<\/div>\n\t\t\t\t\t<\/div>\n\t\t\t\t<\/div>\n\t\t<div data-particle_enable=\"false\" data-particle-mobile-disabled=\"false\" class=\"elementor-element elementor-element-733a8ee e-flex e-con-boxed e-con e-parent\" data-id=\"733a8ee\" data-element_type=\"container\" id=\"information\">\n\t\t\t\t\t<div class=\"e-con-inner\">\n\t\t<div data-particle_enable=\"false\" data-particle-mobile-disabled=\"false\" class=\"elementor-element elementor-element-54ad902 e-con-full e-flex e-con e-child\" data-id=\"54ad902\" data-element_type=\"container\">\n\t\t\t\t<div class=\"elementor-element elementor-element-3436860 elementor-widget elementor-widget-heading\" data-id=\"3436860\" data-element_type=\"widget\" data-widget_type=\"heading.default\">\n\t\t\t\t<div class=\"elementor-widget-container\">\n\t\t\t\t\t<h2 class=\"elementor-heading-title elementor-size-default\">Some useful information<\/h2>\t\t\t\t<\/div>\n\t\t\t\t<\/div>\n\t\t\t\t<\/div>\n\t\t<div data-particle_enable=\"false\" data-particle-mobile-disabled=\"false\" class=\"elementor-element elementor-element-fd72ae1 e-con-full e-flex e-con e-child\" data-id=\"fd72ae1\" data-element_type=\"container\">\n\t\t\t\t<div class=\"elementor-element elementor-element-05b2b3b elementor-widget elementor-widget-eael-adv-accordion\" data-id=\"05b2b3b\" data-element_type=\"widget\" data-widget_type=\"eael-adv-accordion.default\">\n\t\t\t\t<div class=\"elementor-widget-container\">\n\t\t\t\t\t        <div class=\"eael-adv-accordion\" id=\"eael-adv-accordion-05b2b3b\" data-scroll-on-click=\"no\" data-scroll-speed=\"300\" data-accordion-id=\"05b2b3b\" data-accordion-type=\"accordion\" data-toogle-speed=\"300\">\n    <div class=\"eael-accordion-list\">\n                <div id=\"what-is-adult-general-education-age\" class=\"elementor-tab-title eael-accordion-header\" tabindex=\"0\" data-tab=\"1\" aria-controls=\"elementor-tab-content-5971\"><span class=\"eael-accordion-tab-title\">What is adult general education (AGE)?<\/span><span class=\"eael-advanced-accordion-icon-closed\"><svg aria-hidden=\"true\" class=\"fa-accordion-icon e-font-icon-svg e-fas-plus\" viewBox=\"0 0 448 512\" xmlns=\"http:\/\/www.w3.org\/2000\/svg\"><path d=\"M416 208H272V64c0-17.67-14.33-32-32-32h-32c-17.67 0-32 14.33-32 32v144H32c-17.67 0-32 14.33-32 32v32c0 17.67 14.33 32 32 32h144v144c0 17.67 14.33 32 32 32h32c17.67 0 32-14.33 32-32V304h144c17.67 0 32-14.33 32-32v-32c0-17.67-14.33-32-32-32z\"><\/path><\/svg><\/span><span class=\"eael-advanced-accordion-icon-opened\"><svg aria-hidden=\"true\" class=\"fa-accordion-icon e-font-icon-svg e-fas-minus\" viewBox=\"0 0 448 512\" xmlns=\"http:\/\/www.w3.org\/2000\/svg\"><path d=\"M416 208H32c-17.67 0-32 14.33-32 32v32c0 17.67 14.33 32 32 32h384c17.67 0 32-14.33 32-32v-32c0-17.67-14.33-32-32-32z\"><\/path><\/svg><\/span><\/div><div id=\"elementor-tab-content-5971\" class=\"eael-accordion-content clearfix\" data-tab=\"1\" aria-labelledby=\"what-is-adult-general-education-age\"><ul><li>Like primary and secondary schools, VT is the responsibility of school service centers.<\/li><li>AGE o\ufb00ers several training programs for adults:<\/li><li>Francization<\/li><li>Literacy<\/li><li>Pre-secondary<\/li><li>Secondary<\/li><li>Socialvocational integration<\/li><li>Socio-professional integration<\/li><li>Preparing for vocational training<\/li><li>Preparation for post-secondary studies.<\/li><li>AGE can lead to a Secondary School Diploma (SSD) or to levels of francization.<\/li><li>AGE primarily targets adults aged 18 and over.<\/li><li>The length of a student&#8217;s time at AGE is not predetermined and depends on the grades the student has already achieved in secondary school.<\/li><li>Although entry to AGE is possible from the age of 16, a child has the right to attend secondary school until the age of 18 (21 for disabled students).<\/li><\/ul><\/div>\n                <\/div><div class=\"eael-accordion-list\">\n                <div id=\"how-to-register-to-age\" class=\"elementor-tab-title eael-accordion-header\" tabindex=\"0\" data-tab=\"2\" aria-controls=\"elementor-tab-content-5972\"><span class=\"eael-accordion-tab-title\">How to register to AGE?<\/span><span class=\"eael-advanced-accordion-icon-closed\"><svg aria-hidden=\"true\" class=\"fa-accordion-icon e-font-icon-svg e-fas-plus\" viewBox=\"0 0 448 512\" xmlns=\"http:\/\/www.w3.org\/2000\/svg\"><path d=\"M416 208H272V64c0-17.67-14.33-32-32-32h-32c-17.67 0-32 14.33-32 32v144H32c-17.67 0-32 14.33-32 32v32c0 17.67 14.33 32 32 32h144v144c0 17.67 14.33 32 32 32h32c17.67 0 32-14.33 32-32V304h144c17.67 0 32-14.33 32-32v-32c0-17.67-14.33-32-32-32z\"><\/path><\/svg><\/span><span class=\"eael-advanced-accordion-icon-opened\"><svg aria-hidden=\"true\" class=\"fa-accordion-icon e-font-icon-svg e-fas-minus\" viewBox=\"0 0 448 512\" xmlns=\"http:\/\/www.w3.org\/2000\/svg\"><path d=\"M416 208H32c-17.67 0-32 14.33-32 32v32c0 17.67 14.33 32 32 32h384c17.67 0 32-14.33 32-32v-32c0-17.67-14.33-32-32-32z\"><\/path><\/svg><\/span><\/div><div id=\"elementor-tab-content-5972\" class=\"eael-accordion-content clearfix\" data-tab=\"2\" aria-labelledby=\"how-to-register-to-age\"><ul><li>Contact the AGE center of your choice. Programs offered vary from one center to another.<\/li><li>AGE is free. However, there may be administrative fees for school supplies, activities, special programs, etc.<\/li><\/ul><\/div>\n                <\/div><\/div>\t\t\t\t<\/div>\n\t\t\t\t<\/div>\n\t\t\t\t<\/div>\n\t\t\t\t\t<\/div>\n\t\t\t\t<\/div>\n\t\t<div data-particle_enable=\"false\" data-particle-mobile-disabled=\"false\" class=\"elementor-element elementor-element-b3faf1d e-flex e-con-boxed e-con e-parent\" data-id=\"b3faf1d\" data-element_type=\"container\" id=\"recommendation\">\n\t\t\t\t\t<div class=\"e-con-inner\">\n\t\t<div data-particle_enable=\"false\" data-particle-mobile-disabled=\"false\" class=\"elementor-element elementor-element-ea4e05a e-con-full e-flex e-con e-child\" data-id=\"ea4e05a\" data-element_type=\"container\">\n\t\t\t\t<div class=\"elementor-element elementor-element-5d3c302 elementor-widget elementor-widget-heading\" data-id=\"5d3c302\" data-element_type=\"widget\" data-widget_type=\"heading.default\">\n\t\t\t\t<div class=\"elementor-widget-container\">\n\t\t\t\t\t<h2 class=\"elementor-heading-title elementor-size-default\">Findings and recommendations for greater equity<\/h2>\t\t\t\t<\/div>\n\t\t\t\t<\/div>\n\t\t\t\t<\/div>\n\t\t<div data-particle_enable=\"false\" data-particle-mobile-disabled=\"false\" class=\"elementor-element elementor-element-488f3ff e-con-full e-flex e-con e-child\" data-id=\"488f3ff\" data-element_type=\"container\">\n\t\t\t\t<div class=\"elementor-element elementor-element-48f5dfb elementor-widget elementor-widget-eael-adv-accordion\" data-id=\"48f5dfb\" data-element_type=\"widget\" data-widget_type=\"eael-adv-accordion.default\">\n\t\t\t\t<div class=\"elementor-widget-container\">\n\t\t\t\t\t        <div class=\"eael-adv-accordion\" id=\"eael-adv-accordion-48f5dfb\" data-scroll-on-click=\"no\" data-scroll-speed=\"300\" data-accordion-id=\"48f5dfb\" data-accordion-type=\"accordion\" data-toogle-speed=\"300\">\n    <div class=\"eael-accordion-list\">\n                <div id=\"during-age-young-black-people-are-likely-to-experience-the-following-situations\" class=\"elementor-tab-title eael-accordion-header\" tabindex=\"0\" data-tab=\"1\" aria-controls=\"elementor-tab-content-7651\"><span class=\"eael-accordion-tab-title\">During AGE, young black people are likely to experience the following situations:<\/span><span class=\"eael-advanced-accordion-icon-closed\"><svg aria-hidden=\"true\" class=\"fa-accordion-icon e-font-icon-svg e-fas-plus\" viewBox=\"0 0 448 512\" xmlns=\"http:\/\/www.w3.org\/2000\/svg\"><path d=\"M416 208H272V64c0-17.67-14.33-32-32-32h-32c-17.67 0-32 14.33-32 32v144H32c-17.67 0-32 14.33-32 32v32c0 17.67 14.33 32 32 32h144v144c0 17.67 14.33 32 32 32h32c17.67 0 32-14.33 32-32V304h144c17.67 0 32-14.33 32-32v-32c0-17.67-14.33-32-32-32z\"><\/path><\/svg><\/span><span class=\"eael-advanced-accordion-icon-opened\"><svg aria-hidden=\"true\" class=\"fa-accordion-icon e-font-icon-svg e-fas-minus\" viewBox=\"0 0 448 512\" xmlns=\"http:\/\/www.w3.org\/2000\/svg\"><path d=\"M416 208H32c-17.67 0-32 14.33-32 32v32c0 17.67 14.33 32 32 32h384c17.67 0 32-14.33 32-32v-32c0-17.67-14.33-32-32-32z\"><\/path><\/svg><\/span><\/div><div id=\"elementor-tab-content-7651\" class=\"eael-accordion-content clearfix\" data-tab=\"1\" aria-labelledby=\"during-age-young-black-people-are-likely-to-experience-the-following-situations\"><ul><li>When they fall behind academically, black children aged 16 and 17 are often referred by secondary<\/li><\/ul><p>schools to an AGE center.<\/p><ul><li>It&#8217;s important to know that a child has the right to attend secondary school until the age of 18. A student can therefore be 17 at the beginning of the year and remain in secondary school until the end of the year, even if he or she turns 18 during the year.<\/li><li>AGE can be di\ufb03cult for 16- to 18-year-olds, even if they are entitled to attend. AGE courses<\/li><\/ul><p>require a level of autonomy more typical of adults than of young people.<\/p><ul><li>Few AGE centers o\ufb00er adapted services for young people arriving from \u201cclasses d\u2019accueil\u201d. Francization programs for adults are not adapted, as they do not o\ufb00er the opportunity to obtain a secondary school diploma.<\/li><li>Subjects of microaggressions, racial profiling, racism and discrimination by peers and school staff.<\/li><\/ul><\/div>\n                <\/div><div class=\"eael-accordion-list\">\n                <div id=\"young-people-can-defend-their-rights-in-some-of-the-following-ways\" class=\"elementor-tab-title eael-accordion-header\" tabindex=\"0\" data-tab=\"2\" aria-controls=\"elementor-tab-content-7652\"><span class=\"eael-accordion-tab-title\">Young people can defend their rights in some of the following ways:<\/span><span class=\"eael-advanced-accordion-icon-closed\"><svg aria-hidden=\"true\" class=\"fa-accordion-icon e-font-icon-svg e-fas-plus\" viewBox=\"0 0 448 512\" xmlns=\"http:\/\/www.w3.org\/2000\/svg\"><path d=\"M416 208H272V64c0-17.67-14.33-32-32-32h-32c-17.67 0-32 14.33-32 32v144H32c-17.67 0-32 14.33-32 32v32c0 17.67 14.33 32 32 32h144v144c0 17.67 14.33 32 32 32h32c17.67 0 32-14.33 32-32V304h144c17.67 0 32-14.33 32-32v-32c0-17.67-14.33-32-32-32z\"><\/path><\/svg><\/span><span class=\"eael-advanced-accordion-icon-opened\"><svg aria-hidden=\"true\" class=\"fa-accordion-icon e-font-icon-svg e-fas-minus\" viewBox=\"0 0 448 512\" xmlns=\"http:\/\/www.w3.org\/2000\/svg\"><path d=\"M416 208H32c-17.67 0-32 14.33-32 32v32c0 17.67 14.33 32 32 32h384c17.67 0 32-14.33 32-32v-32c0-17.67-14.33-32-32-32z\"><\/path><\/svg><\/span><\/div><div id=\"elementor-tab-content-7652\" class=\"eael-accordion-content clearfix\" data-tab=\"2\" aria-labelledby=\"young-people-can-defend-their-rights-in-some-of-the-following-ways\"><ul><li>Build relationships with other students in the class.<\/li><li>Ask to be informed as soon as possible of any risk of failure.<\/li><li>Ask to be informed of the different options for the school career.<\/li><li>Question the reasons for class exclusion or suspension.<\/li><\/ul><\/div>\n                <\/div><div class=\"eael-accordion-list\">\n                <div id=\"how-to-le-a-complaint\" class=\"elementor-tab-title eael-accordion-header\" tabindex=\"0\" data-tab=\"3\" aria-controls=\"elementor-tab-content-7653\"><span class=\"eael-accordion-tab-title\">How to \ufb01le a complaint?<\/span><span class=\"eael-advanced-accordion-icon-closed\"><svg aria-hidden=\"true\" class=\"fa-accordion-icon e-font-icon-svg e-fas-plus\" viewBox=\"0 0 448 512\" xmlns=\"http:\/\/www.w3.org\/2000\/svg\"><path d=\"M416 208H272V64c0-17.67-14.33-32-32-32h-32c-17.67 0-32 14.33-32 32v144H32c-17.67 0-32 14.33-32 32v32c0 17.67 14.33 32 32 32h144v144c0 17.67 14.33 32 32 32h32c17.67 0 32-14.33 32-32V304h144c17.67 0 32-14.33 32-32v-32c0-17.67-14.33-32-32-32z\"><\/path><\/svg><\/span><span class=\"eael-advanced-accordion-icon-opened\"><svg aria-hidden=\"true\" class=\"fa-accordion-icon e-font-icon-svg e-fas-minus\" viewBox=\"0 0 448 512\" xmlns=\"http:\/\/www.w3.org\/2000\/svg\"><path d=\"M416 208H32c-17.67 0-32 14.33-32 32v32c0 17.67 14.33 32 32 32h384c17.67 0 32-14.33 32-32v-32c0-17.67-14.33-32-32-32z\"><\/path><\/svg><\/span><\/div><div id=\"elementor-tab-content-7653\" class=\"eael-accordion-content clearfix\" data-tab=\"3\" aria-labelledby=\"how-to-le-a-complaint\"><h3>Complaint concerning sexual violence<\/h3><p>A <a href=\"https:\/\/www.quebec.ca\/en\/education\/prescolaire-primaire-et-secondaire\/droits-eleve\/report-an-act-of-sexual-violence-against-a-student\">complaint concerning an act of sexual violence may be made directly to the regional student ombudsman<\/a>, omitting the first two steps of the process. These complaints are fast-tracked.<\/p><p>The regional student ombudsman forwards the complaint to the educational institution, unless he or she has reasonable grounds to believe that this would hamper the investigation, or the complainant objects to the transmission of the complaint.<\/p><h3>\u00a0<\/h3><h4>Step 1<\/h4><p>To file a complaint, you must first contact the person directly concerned or his or her immediate superior.<\/p><p>You can make your complaint verbally first, but make sure it&#8217;s also made in writing (e-mail). This will keep a record of the exchanges and make it easier to calculate the time required for processing.<\/p><p>The person receiving the complaint has <strong>10 working days\u00a0<\/strong>to respond.<\/p><h4>Step 2<\/h4><p>If you remain dissatisfied with the handling of your complaint, or if the 10-working-day time limit has passed, you must contact the person responsible for handling complaints at the school service center, school board or private educational institution.<\/p><p>Keep a record of the steps you&#8217;ve taken. Complaints must be processed within <strong>15 working days<\/strong>.<\/p><h4>Step 3<\/h4><p>If you are still dissatisfied with the way your complaint has been handled, or if the 15-working-day time limit has passed, you should contact the <a href=\"https:\/\/www.quebec.ca\/en\/education\/prescolaire-primaire-et-secondaire\/droits-eleve\/file-a-complaint\">Regional Student Ombudsman in your area.<\/a> The ombudsman will assist you in formulating your complaint in writing.<\/p><ul><li>This is done using <a href=\"https:\/\/pne.gouv.qc.ca\/portal#\/portal-request-form\/7cd4e09a-a5c8-4fdb-9588-4a8d73f87640\">an online form.<\/a><\/li><li>A complaint concerning an act of sexual violence can be made to the student&#8217;s regional ombudsman, without having to go through the first two stages of the process. Such complaints are handled as a matter of urgency.<\/li><\/ul><\/div>\n                <\/div><\/div>\t\t\t\t<\/div>\n\t\t\t\t<\/div>\n\t\t\t\t<\/div>\n\t\t\t\t\t<\/div>\n\t\t\t\t<\/div>\n\t\t<div data-particle_enable=\"false\" data-particle-mobile-disabled=\"false\" class=\"elementor-element elementor-element-3e7e967 e-flex e-con-boxed e-con e-parent\" data-id=\"3e7e967\" data-element_type=\"container\" id=\"partenaires\">\n\t\t\t\t\t<div class=\"e-con-inner\">\n\t\t<div data-particle_enable=\"false\" data-particle-mobile-disabled=\"false\" class=\"elementor-element elementor-element-aff2e14 e-con-full e-flex e-con e-child\" data-id=\"aff2e14\" data-element_type=\"container\">\n\t\t\t\t<div class=\"elementor-element elementor-element-b2ee9a0 elementor-widget elementor-widget-heading\" data-id=\"b2ee9a0\" data-element_type=\"widget\" data-widget_type=\"heading.default\">\n\t\t\t\t<div class=\"elementor-widget-container\">\n\t\t\t\t\t<h2 class=\"elementor-heading-title elementor-size-default\">Some community partners<\/h2>\t\t\t\t<\/div>\n\t\t\t\t<\/div>\n\t\t\t\t<\/div>\n\t\t<div data-particle_enable=\"false\" data-particle-mobile-disabled=\"false\" class=\"elementor-element elementor-element-697ae2f e-con-full e-flex e-con e-child\" data-id=\"697ae2f\" data-element_type=\"container\">\n\t\t\t\t<div class=\"elementor-element elementor-element-af8101d elementor-widget elementor-widget-eael-adv-accordion\" data-id=\"af8101d\" data-element_type=\"widget\" data-widget_type=\"eael-adv-accordion.default\">\n\t\t\t\t<div class=\"elementor-widget-container\">\n\t\t\t\t\t        <div class=\"eael-adv-accordion\" id=\"eael-adv-accordion-af8101d\" data-scroll-on-click=\"no\" data-scroll-speed=\"300\" data-accordion-id=\"af8101d\" data-accordion-type=\"accordion\" data-toogle-speed=\"300\">\n    <div class=\"eael-accordion-list\">\n                <div id=\"greater-montreal-area\" class=\"elementor-tab-title eael-accordion-header\" tabindex=\"0\" data-tab=\"1\" aria-controls=\"elementor-tab-content-1841\"><span class=\"eael-accordion-tab-title\">Greater Montreal area<\/span><span class=\"eael-advanced-accordion-icon-closed\"><svg aria-hidden=\"true\" class=\"fa-accordion-icon e-font-icon-svg e-fas-plus\" viewBox=\"0 0 448 512\" xmlns=\"http:\/\/www.w3.org\/2000\/svg\"><path d=\"M416 208H272V64c0-17.67-14.33-32-32-32h-32c-17.67 0-32 14.33-32 32v144H32c-17.67 0-32 14.33-32 32v32c0 17.67 14.33 32 32 32h144v144c0 17.67 14.33 32 32 32h32c17.67 0 32-14.33 32-32V304h144c17.67 0 32-14.33 32-32v-32c0-17.67-14.33-32-32-32z\"><\/path><\/svg><\/span><span class=\"eael-advanced-accordion-icon-opened\"><svg aria-hidden=\"true\" class=\"fa-accordion-icon e-font-icon-svg e-fas-minus\" viewBox=\"0 0 448 512\" xmlns=\"http:\/\/www.w3.org\/2000\/svg\"><path d=\"M416 208H32c-17.67 0-32 14.33-32 32v32c0 17.67 14.33 32 32 32h384c17.67 0 32-14.33 32-32v-32c0-17.67-14.33-32-32-32z\"><\/path><\/svg><\/span><\/div><div id=\"elementor-tab-content-1841\" class=\"eael-accordion-content clearfix\" data-tab=\"1\" aria-labelledby=\"greater-montreal-area\"><ul><li><a href=\"https:\/\/www.facebook.com\/profile.php?id=100064725851483&amp;__cft__%5b0%5d=AZX86RUECCmmpUfhENhtLr6_RrkYkAxTxO7Yma89V71GdyHKxIALYemtjP0rCbS_q1n1Njkdtra-z_UpUdsuS9yJQUUWwjAfzjqFT-kvi2bEGi5KuEwrgdjhq-lQrS8r9qtFYQ5Dz0mbLbYGNwIwBrghg_lhDYb5Nw9oRYy5SpGjfHzGgv9fK8DYM485D3zhvW8&amp;__tn__=-UC%2CP-R\" target=\"_blank\" rel=\"nofollow noopener ugc\">Association pour la r\u00e9ussite \u00e9ducative des jeunes<\/a><\/li><li><a href=\"https:\/\/www.bchm.ca\/\" target=\"_blank\" rel=\"nofollow noopener ugc\">BCHM<\/a><\/li><li><a href=\"http:\/\/www.cafejeunessemulticulturel.org\/\" target=\"_blank\" rel=\"nofollow noopener ugc\">Caf\u00e9 Jeunesse multiculturel<\/a><\/li><li><a href=\"https:\/\/www.reussite-developpement.com\/\" target=\"_blank\" rel=\"nofollow noopener ugc\">Centre d\u2019aide \u00e0 la R\u00e9ussite et au D\u00e9veloppement (CARD)<\/a><\/li><li><a href=\"https:\/\/centrejeanpaullemay.org\/\" target=\"_blank\" rel=\"nofollow noopener ugc\">Jean-Paul Lemay Centre<\/a><\/li><li><a href=\"https:\/\/www.facebook.com\/cdnbca\/?locale=fr_CA\" target=\"_blank\" rel=\"nofollow noopener ugc\">C\u00f4te-des-Neiges Black Community Association (CDNBCA)<\/a><\/li><li><a href=\"https:\/\/centrenarive.com\/\" target=\"_blank\" rel=\"nofollow noopener ugc\">Centre NA Rive<\/a><\/li><li><a href=\"https:\/\/www.chais.qc.ca\/\" target=\"_blank\" rel=\"nofollow noopener ugc\">Centre ha\u00eftien d\u2019animation et d\u2019intervention sociales(CHAIS)<\/a><\/li><li><a href=\"https:\/\/equiperdp.com\/\" target=\"_blank\" rel=\"nofollow noopener ugc\">\u00c9quipe RDP<\/a><\/li><li><a href=\"https:\/\/femmesenemploi.org\/\" target=\"_blank\" rel=\"nofollow noopener ugc\">Femmes en Emploi<\/a><\/li><li><a href=\"https:\/\/www.fjp.international\/\" target=\"_blank\" rel=\"nofollow noopener ugc\">Fondation Jeunesse et Perspectives<\/a><\/li><li><a href=\"https:\/\/fonds1804.org\/\" target=\"_blank\" rel=\"nofollow noopener ugc\">Fonds 1804 pour la pers\u00e9v\u00e9rance scolaire<\/a><\/li><li><a href=\"https:\/\/www.mhaiti.org\/web\/\" target=\"_blank\" rel=\"nofollow noopener ugc\">Maison d&#8217;Ha\u00efti<\/a><\/li><li><a href=\"https:\/\/www.facebook.com\/mdjrdp\/?locale=fr_CA\" target=\"_blank\" rel=\"nofollow noopener ugc\">Maison des Jeunes des Rivi\u00e8re-des-Prairies<\/a><\/li><li><a href=\"https:\/\/www.mdjlouverture.org\/\" target=\"_blank\" rel=\"nofollow noopener ugc\">Maison des Jeunes l\u2019Ouverture<\/a><\/li><li><a href=\"https:\/\/qbbe.ca\/\" target=\"_blank\" rel=\"nofollow noopener ugc\">Quebec Board of Black Educators (QBBE)<\/a><\/li><li><a href=\"https:\/\/westhavenrecreation.org\/en\/home\/\" target=\"_blank\" rel=\"nofollow noopener ugc\">Westhaven Elmhurst Community Recreation Association (WECRA)<\/a><\/li><\/ul><\/div>\n                <\/div><div class=\"eael-accordion-list\">\n                <div id=\"quebec-city-area\" class=\"elementor-tab-title eael-accordion-header\" tabindex=\"0\" data-tab=\"2\" aria-controls=\"elementor-tab-content-1842\"><span class=\"eael-accordion-tab-title\">Quebec City area<\/span><span class=\"eael-advanced-accordion-icon-closed\"><svg aria-hidden=\"true\" class=\"fa-accordion-icon e-font-icon-svg e-fas-plus\" viewBox=\"0 0 448 512\" xmlns=\"http:\/\/www.w3.org\/2000\/svg\"><path d=\"M416 208H272V64c0-17.67-14.33-32-32-32h-32c-17.67 0-32 14.33-32 32v144H32c-17.67 0-32 14.33-32 32v32c0 17.67 14.33 32 32 32h144v144c0 17.67 14.33 32 32 32h32c17.67 0 32-14.33 32-32V304h144c17.67 0 32-14.33 32-32v-32c0-17.67-14.33-32-32-32z\"><\/path><\/svg><\/span><span class=\"eael-advanced-accordion-icon-opened\"><svg aria-hidden=\"true\" class=\"fa-accordion-icon e-font-icon-svg e-fas-minus\" viewBox=\"0 0 448 512\" xmlns=\"http:\/\/www.w3.org\/2000\/svg\"><path d=\"M416 208H32c-17.67 0-32 14.33-32 32v32c0 17.67 14.33 32 32 32h384c17.67 0 32-14.33 32-32v-32c0-17.67-14.33-32-32-32z\"><\/path><\/svg><\/span><\/div><div id=\"elementor-tab-content-1842\" class=\"eael-accordion-content clearfix\" data-tab=\"2\" aria-labelledby=\"quebec-city-area\"><ul><li><a href=\"https:\/\/www.r2000.qc.ca\/\" target=\"_blank\" rel=\"nofollow noopener ugc\">R.I.R.E. Center<\/a><\/li><li><a href=\"https:\/\/www.osamipe.org\/\" target=\"_blank\" rel=\"nofollow noopener ugc\">OSAMIPE &#8211; Health protection for women and children<\/a><\/li><\/ul><\/div>\n                <\/div><div class=\"eael-accordion-list\">\n                <div id=\"outaouais\" class=\"elementor-tab-title eael-accordion-header\" tabindex=\"0\" data-tab=\"3\" aria-controls=\"elementor-tab-content-1843\"><span class=\"eael-accordion-tab-title\">Outaouais<\/span><span class=\"eael-advanced-accordion-icon-closed\"><svg aria-hidden=\"true\" class=\"fa-accordion-icon e-font-icon-svg e-fas-plus\" viewBox=\"0 0 448 512\" xmlns=\"http:\/\/www.w3.org\/2000\/svg\"><path d=\"M416 208H272V64c0-17.67-14.33-32-32-32h-32c-17.67 0-32 14.33-32 32v144H32c-17.67 0-32 14.33-32 32v32c0 17.67 14.33 32 32 32h144v144c0 17.67 14.33 32 32 32h32c17.67 0 32-14.33 32-32V304h144c17.67 0 32-14.33 32-32v-32c0-17.67-14.33-32-32-32z\"><\/path><\/svg><\/span><span class=\"eael-advanced-accordion-icon-opened\"><svg aria-hidden=\"true\" class=\"fa-accordion-icon e-font-icon-svg e-fas-minus\" viewBox=\"0 0 448 512\" xmlns=\"http:\/\/www.w3.org\/2000\/svg\"><path d=\"M416 208H32c-17.67 0-32 14.33-32 32v32c0 17.67 14.33 32 32 32h384c17.67 0 32-14.33 32-32v-32c0-17.67-14.33-32-32-32z\"><\/path><\/svg><\/span><\/div><div id=\"elementor-tab-content-1843\" class=\"eael-accordion-content clearfix\" data-tab=\"3\" aria-labelledby=\"outaouais\"><ul><li><a href=\"https:\/\/afio.ca\/\" target=\"_blank\" rel=\"nofollow noopener ugc\">Supporting immigrant women in the Outaouais region<\/a><\/li><\/ul><\/div>\n                <\/div><\/div>\t\t\t\t<\/div>\n\t\t\t\t<\/div>\n\t\t\t\t<\/div>\n\t\t\t\t\t<\/div>\n\t\t\t\t<\/div>\n\t\t\t\t<\/div>\n\t\t","protected":false},"excerpt":{"rendered":"<p>Back Some useful information What is adult general education (AGE)? Like primary and secondary schools, VT is the responsibility of school service centers. AGE o\ufb00ers several training programs for adults: Francization Literacy Pre-secondary Secondary Socialvocational integration Socio-professional integration Preparing for vocational training Preparation for post-secondary studies. AGE can lead to a Secondary School Diploma (SSD) [&hellip;]<\/p>\n","protected":false},"author":2,"featured_media":0,"parent":685,"menu_order":0,"comment_status":"closed","ping_status":"closed","template":"","meta":{"footnotes":""},"class_list":["post-679","page","type-page","status-publish","hentry"],"_links":{"self":[{"href":"https:\/\/parcoursscolaire.sdesj.org\/en\/wp-json\/wp\/v2\/pages\/679","targetHints":{"allow":["GET"]}}],"collection":[{"href":"https:\/\/parcoursscolaire.sdesj.org\/en\/wp-json\/wp\/v2\/pages"}],"about":[{"href":"https:\/\/parcoursscolaire.sdesj.org\/en\/wp-json\/wp\/v2\/types\/page"}],"author":[{"embeddable":true,"href":"https:\/\/parcoursscolaire.sdesj.org\/en\/wp-json\/wp\/v2\/users\/2"}],"replies":[{"embeddable":true,"href":"https:\/\/parcoursscolaire.sdesj.org\/en\/wp-json\/wp\/v2\/comments?post=679"}],"version-history":[{"count":0,"href":"https:\/\/parcoursscolaire.sdesj.org\/en\/wp-json\/wp\/v2\/pages\/679\/revisions"}],"up":[{"embeddable":true,"href":"https:\/\/parcoursscolaire.sdesj.org\/en\/wp-json\/wp\/v2\/pages\/685"}],"wp:attachment":[{"href":"https:\/\/parcoursscolaire.sdesj.org\/en\/wp-json\/wp\/v2\/media?parent=679"}],"curies":[{"name":"wp","href":"https:\/\/api.w.org\/{rel}","templated":true}]}}